{"id":27,"date":"2016-02-12T16:47:35","date_gmt":"2016-02-12T15:47:35","guid":{"rendered":"http:\/\/www.gotrail.fr\/?page_id=27"},"modified":"2026-04-01T15:48:55","modified_gmt":"2026-04-01T13:48:55","slug":"presentation","status":"publish","type":"page","link":"https:\/\/www.gotrail.fr\/?page_id=27","title":{"rendered":"Pr\u00e9sentation"},"content":{"rendered":"<p style=\"text-align: justify;\">L\u2019id\u00e9e est n\u00e9e en 2016 de la rencontre \u00e0 l\u2019\u00e9cole de papas sportifs. Apr\u00e8s avoir particip\u00e9 aux diff\u00e9rentes courses, trails sur le Pays d\u2019Ancenis, \u00e0 notre tour nous voulions faire plaisir aux autres et cr\u00e9er l\u2019\u00e9v\u00e9nement sur Ancenis-Saint-G\u00e9r\u00e9on : <strong>Le GO\u2019TRAIL<\/strong><\/p>\n<p style=\"text-align: justify;\">Organis\u00e9 sous l\u2019\u00e9gide de l\u2019association APEL de l\u2019\u00e9cole du Gotha d&rsquo;Ancenis-Saint-G\u00e9r\u00e9on, avec \u00e0 la participation d\u2019une cinquantaine de b\u00e9n\u00e9voles, ce trail \u00ab off \u00bb permet de d\u00e9couvrir notre commune et son patrimoine. Urbain, tunnel, \u00e9tang, sentiers, plan d\u2019eau et la Loire sont au programme de cette matin\u00e9e du <strong>dimanche 3 mai 2026<\/strong>.<\/p>\n<p style=\"text-align: justify;\"><strong>Esprit<\/strong><br \/>\nUn trail \u00ab off \u00bb, c\u2019est-\u00e0-dire sans classement, simplement pour que les coureurs profitent, sans esprit de comp\u00e9tition. Plaisir et convivialit\u00e9 sont les ma\u00eetres mots de la journ\u00e9e.<br \/>\nL\u2019ambiance sera \u00e9galement pr\u00e9sente avec des animations musicales et d\u2019autres surprises pour les petits et les + grands.<\/p>\n<p style=\"text-align: justify;\"><strong>Epreuve<\/strong><br \/>\nLes enfants seront \u00e0 l\u2019honneur sur les galopades qui leurs seront r\u00e9serv\u00e9es. Apr\u00e8s avoir encourag\u00e9 les plus jeunes, trois parcours vous attendent \u00e0 travers les sentiers d&rsquo;Ancenis-Saint-G\u00e9r\u00e9on. La premi\u00e8re distance (6 km) est id\u00e9ale pour ceux qui souhaitent s\u2019initier sur un circuit abordable ou alors se lancer un d\u00e9fi et aller au bout de leur effort. Le terme finisher prend alors toute son importance. Le cadre mi-urbain mi-nature reste dans l\u2019esprit trail avec 80% de chemins.<\/p>\n<p><strong>Nouveaut\u00e9 2026<\/strong><br \/>\nUne marche de 10 km sur le parcours des champions sera \u00e9galement ouverte \u00e0 tous pour f\u00eater la 10\u00e8me \u00e9dition !<\/p>\n","protected":false},"excerpt":{"rendered":"<p>L\u2019id\u00e9e est n\u00e9e en 2016 de la rencontre \u00e0 l\u2019\u00e9cole de papas sportifs. Apr\u00e8s avoir particip\u00e9 aux diff\u00e9rentes courses, trails sur le Pays d\u2019Ancenis, \u00e0 notre tour nous voulions faire plaisir aux autres et cr\u00e9er l\u2019\u00e9v\u00e9nement sur Ancenis-Saint-G\u00e9r\u00e9on : Le&hellip; <br \/><a class=\"read-more-button\" href=\"https:\/\/www.gotrail.fr\/?page_id=27\">Savoir plus<\/a><\/p>\n","protected":false},"author":1,"featured_media":0,"parent":0,"menu_order":0,"comment_status":"closed","ping_status":"closed","template":"","meta":[],"_links":{"self":[{"href":"https:\/\/www.gotrail.fr\/index.php?rest_route=\/wp\/v2\/pages\/27"}],"collection":[{"href":"https:\/\/www.gotrail.fr\/index.php?rest_route=\/wp\/v2\/pages"}],"about":[{"href":"https:\/\/www.gotrail.fr\/index.php?rest_route=\/wp\/v2\/types\/page"}],"author":[{"embeddable":true,"href":"https:\/\/www.gotrail.fr\/index.php?rest_route=\/wp\/v2\/users\/1"}],"replies":[{"embeddable":true,"href":"https:\/\/www.gotrail.fr\/index.php?rest_route=%2Fwp%2Fv2%2Fcomments&post=27"}],"version-history":[{"count":19,"href":"https:\/\/www.gotrail.fr\/index.php?rest_route=\/wp\/v2\/pages\/27\/revisions"}],"predecessor-version":[{"id":1363,"href":"https:\/\/www.gotrail.fr\/index.php?rest_route=\/wp\/v2\/pages\/27\/revisions\/1363"}],"wp:attachment":[{"href":"https:\/\/www.gotrail.fr\/index.php?rest_route=%2Fwp%2Fv2%2Fmedia&parent=27"}],"curies":[{"name":"wp","href":"https:\/\/api.w.org\/{rel}","templated":true}]}}